{"id":15180,"date":"2024-04-08T13:31:57","date_gmt":"2024-04-08T11:31:57","guid":{"rendered":"https:\/\/portalescuola.comune.palermo.it\/?page_id=15180"},"modified":"2024-08-07T17:28:09","modified_gmt":"2024-08-07T15:28:09","slug":"panormus-2024","status":"publish","type":"page","link":"https:\/\/portalescuola.comune.palermo.it\/?page_id=15180","title":{"rendered":"PANORMUS 2024"},"content":{"rendered":"<p>[vc_row css_animation=&#8221;&#8221; row_type=&#8221;row&#8221; use_row_as_full_screen_section=&#8221;no&#8221; type=&#8221;full_width&#8221; angled_section=&#8221;no&#8221; text_align=&#8221;left&#8221; background_image_as_pattern=&#8221;without_pattern&#8221; z_index=&#8221;&#8221; css=&#8221;.vc_custom_1680616191919{background-color: #ffffff !important;}&#8221;][vc_column][rev_slider_vc alias=&#8221;panormus_24&#8243;][\/vc_column][\/vc_row][vc_row css_animation=&#8221;&#8221; row_type=&#8221;row&#8221; use_row_as_full_screen_section=&#8221;no&#8221; type=&#8221;full_width&#8221; angled_section=&#8221;no&#8221; text_align=&#8221;left&#8221; background_image_as_pattern=&#8221;without_pattern&#8221; css=&#8221;.vc_custom_1681287975331{background-color: #ffffff !important;}&#8221; z_index=&#8221;&#8221; el_id=&#8221;storia&#8221;][vc_column width=&#8221;1\/6&#8243;][\/vc_column][vc_column css_animation=&#8221;fadeInLeft&#8221; width=&#8221;2\/3&#8243;][vc_empty_space height=&#8221;50px&#8221;][vc_column_text]<\/p>\n<h6 style=\"text-align: center; font-size: 26px;\"><span style=\"color: #000000;\">Una storia lunga 30 anni<\/span><\/h6>\n<p>[\/vc_column_text][vc_empty_space][\/vc_column][vc_column width=&#8221;1\/6&#8243;][\/vc_column][\/vc_row][vc_row css_animation=&#8221;&#8221; row_type=&#8221;row&#8221; use_row_as_full_screen_section=&#8221;no&#8221; type=&#8221;full_width&#8221; angled_section=&#8221;no&#8221; text_align=&#8221;left&#8221; background_image_as_pattern=&#8221;without_pattern&#8221; css=&#8221;.vc_custom_1713949969754{padding-right: 30px !important;padding-left: 30px !important;background-color: #ffffff !important;}&#8221; z_index=&#8221;&#8221;][vc_column width=&#8221;1\/4&#8243;][\/vc_column][vc_column css_animation=&#8221;fadeInLeft&#8221; width=&#8221;1\/2&#8243;][vc_empty_space height=&#8221;50px&#8221;][vc_column_text]<strong>&#8220;Palermo apre le porte. La scuola adotta un monumento&#8221; <\/strong>nasce nella primavera del <strong>1994<\/strong> da un\u2019idea dell\u2019allora assessora alla Scuola del Comune di Palermo Alessandra Siragusa. Sono gli anni immediatamente successivi alle stragi di mafia e il progetto viene concepito come un\u2019esperienza di pedagogia urbana che possa scuotere la citt\u00e0 attraverso i giovani, stimolando la creazione di senso civico e di appartenenza alla comunit\u00e0.[\/vc_column_text][vc_empty_space][\/vc_column][vc_column width=&#8221;1\/4&#8243;][\/vc_column][\/vc_row][vc_row css_animation=&#8221;&#8221; row_type=&#8221;row&#8221; use_row_as_full_screen_section=&#8221;no&#8221; type=&#8221;full_width&#8221; angled_section=&#8221;no&#8221; text_align=&#8221;left&#8221; background_image_as_pattern=&#8221;without_pattern&#8221; css=&#8221;.vc_custom_1713950014851{padding-right: 30px !important;padding-left: 30px !important;background-color: #ffffff !important;}&#8221; z_index=&#8221;&#8221;][vc_column width=&#8221;1\/4&#8243;][\/vc_column][vc_column css_animation=&#8221;fadeInLeft&#8221; width=&#8221;1\/2&#8243;][vc_column_text]Bambine e bambini, ragazze e ragazzi diventano soggetto privilegiato per l\u2019affermazione di una nuova consapevolezza del bene culturale, del patrimonio storico-artistico e, pi\u00f9 in generale, della propria citt\u00e0. Adottare un monumento, infatti, non vuol dire soltanto studiarne la storia e farla conoscere ai visitatori di passaggio, ma anche sottrarre quel monumento all&#8217;oblio e al degrado, averne cura e promuoverne la valorizzazione.[\/vc_column_text][vc_empty_space][vc_column_text]Dal\u00a0<strong>2005\u00a0<\/strong>la metafora dell\u2019\u00abadozione\u00bb si amplia: la manifestazione prende il nome di\u00a0<strong>\u201cPalermo apre le porte. La scuola adotta la citt\u00e0\u201d<\/strong>. Citt\u00e0 intesa come <em>unicum<\/em> dove il monumento \u00e8 simbolo, \u00e8 storia, \u00e8 memoria, ma \u00e8 anche centro di relazioni che attorno ad esso si sviluppano e crescono. Cos\u00ec, alle tradizionali adozioni da parte degli istituti scolastici, negli anni si aggiungono passeggiate storico-culturali, laboratori e manifestazioni sportive, artistiche o di solidariet\u00e0 sparse tra i quartieri.[\/vc_column_text][\/vc_column][vc_column width=&#8221;1\/4&#8243;][\/vc_column][\/vc_row][vc_row css_animation=&#8221;&#8221; row_type=&#8221;row&#8221; use_row_as_full_screen_section=&#8221;no&#8221; type=&#8221;full_width&#8221; angled_section=&#8221;no&#8221; text_align=&#8221;left&#8221; background_image_as_pattern=&#8221;without_pattern&#8221; css=&#8221;.vc_custom_1713950026314{padding-right: 30px !important;padding-left: 30px !important;background-color: #ffffff !important;}&#8221; z_index=&#8221;&#8221;][vc_column width=&#8221;1\/4&#8243;][\/vc_column][vc_column css_animation=&#8221;fadeInLeft&#8221; width=&#8221;1\/2&#8243;][vc_empty_space][vc_column_text]Nel <strong>2014<\/strong> \u201cPalermo apre le porte\u201d cambia nuovamente nome: \u201c<strong>Panormus. La scuola adotta la citt\u00e0\u201d<\/strong>. Da quel momento, ogni edizione \u00e8 dedicata a una tematica su cui sensibilizzare bambini, ragazzi e adulti attraverso la scoperta e la riappropriazione del territorio, coinvolgendo anche i piccoli della fascia d&#8217;et\u00e0 0 mesi &#8211; 6 anni.<\/p>\n<p>[vc_separator type=&#8217;transparent&#8217; position=&#8217;center&#8217; color=&#8221; thickness=&#8217;10&#8217; up=&#8217;10&#8217; down=&#8221;]<\/p>\n<p>La ultime due edizioni sono state dedicate all&#8217;intreccio tra mare e musica (&#8220;Vivere la citt\u00e0 al ritmo del suo mare&#8221;, 2022) e alla valorizzazione di ville e spazi verdi (&#8220;Panormus&#8230;in armonia con la natura&#8221;, 2023).[\/vc_column_text][vc_empty_space][vc_empty_space][\/vc_column][vc_column width=&#8221;1\/4&#8243;][\/vc_column][\/vc_row][vc_row css_animation=&#8221;&#8221; row_type=&#8221;row&#8221; use_row_as_full_screen_section=&#8221;no&#8221; type=&#8221;full_width&#8221; angled_section=&#8221;no&#8221; text_align=&#8221;left&#8221; background_image_as_pattern=&#8221;without_pattern&#8221; css=&#8221;.vc_custom_1680617030277{background-color: #ffffff !important;}&#8221; z_index=&#8221;&#8221;][vc_column][vc_empty_space height=&#8221;50px&#8221;][\/vc_column][\/vc_row][vc_row row_type=&#8221;parallax&#8221; parallax_content_width=&#8221;in_grid&#8221; text_align=&#8221;left&#8221; background_image=&#8221;15261&#8243; full_screen_section_height=&#8221;no&#8221;][vc_column][vc_empty_space height=&#8221;400px&#8221;][\/vc_column][\/vc_row][vc_row css_animation=&#8221;&#8221; row_type=&#8221;row&#8221; use_row_as_full_screen_section=&#8221;no&#8221; type=&#8221;full_width&#8221; angled_section=&#8221;no&#8221; text_align=&#8221;left&#8221; background_image_as_pattern=&#8221;without_pattern&#8221; z_index=&#8221;&#8221; css=&#8221;.vc_custom_1712576304536{background-color: #436677 !important;}&#8221;][vc_column][vc_empty_space height=&#8221;90px&#8221;][vc_row_inner row_type=&#8221;row&#8221; type=&#8221;full_width&#8221; text_align=&#8221;left&#8221; css_animation=&#8221;&#8221; el_id=&#8221;edizione&#8221;][vc_column_inner][vc_column_text]<\/p>\n<h6 style=\"text-align: center; font-size: 46px; color: #ffffff;\"><span style=\"color: #ffffff;\">XXVIII Edizione<br \/>\n<\/span>&#8220;Viva Panormus&#8230;e Santa Rosalia&#8221;<\/h6>\n<p>[\/vc_column_text][\/vc_column_inner][\/vc_row_inner][vc_row_inner row_type=&#8221;row&#8221; type=&#8221;grid&#8221; text_align=&#8221;left&#8221; padding_top=&#8221;30px&#8221; css_animation=&#8221;&#8221;][vc_column_inner][vc_empty_space height=&#8221;40px&#8221;][vc_column_text]<\/p>\n<p style=\"text-align: center;\"><span style=\"color: #ffffff;\">Nel <strong>IV centenario del ritrovamento delle spoglie di Santa Rosalia<\/strong>, il progetto \u201cPanormus. La scuola adotta la citt\u00e0\u201d sar\u00e0 dedicato alla patrona di Palermo e alla sua storia.<\/span><\/p>\n<p style=\"text-align: center;\"><span style=\"color: #ffffff;\">\u00abViva Panormus e\u2026Santa Rosalia\u00bb, infatti, \u00e8 il titolo della XXVIII edizione che quest\u2019anno coinvolger\u00e0 i bambini e i ragazzi di settantanove istituzioni scolastiche di ogni ordine e grado, pubbliche, private e paritarie.<\/span><\/p>\n<p style=\"text-align: center;\"><span style=\"color: #ffffff;\">Chiese, vicoli, musei e ancora santuari, quadri ed edicole votive: attraverso le classiche adozioni, Panormus permetter\u00e0 di recuperare la memoria di tutti quei <strong>luoghi della citt\u00e0<\/strong>, pi\u00f9 o meno conosciuti, <strong>connessi al culto sacro e profano della Santuzza<\/strong>.<\/span><\/p>\n<p style=\"text-align: center;\"><span style=\"color: #ffffff;\">Durante tre fine settimana di maggio (3-5, 10-12 e 17-19), gli studenti accompagneranno i visitatori di siti e monumenti alla scoperta di nuove storie e punti di vista, e condivideranno con loro i saperi acquisiti attraverso studi, ricerche e laboratori scolastici.<\/span><\/p>\n<p style=\"text-align: center;\"><span style=\"color: #ffffff;\">Non mancheranno per\u00f2 anche attivit\u00e0 ludico-ricreative rivolte ai pi\u00f9 piccoli grazie alla partecipazione di numerosi nidi e scuole dell\u2019infanzia.<\/span><\/p>\n<p>[\/vc_column_text][\/vc_column_inner][\/vc_row_inner][vc_empty_space height=&#8221;40px&#8221;][\/vc_column][\/vc_row][vc_row row_type=&#8221;parallax&#8221; parallax_content_width=&#8221;full_width&#8221; text_align=&#8221;left&#8221; background_image=&#8221;15282&#8243; full_screen_section_height=&#8221;no&#8221;][vc_column][vc_empty_space height=&#8221;700px&#8221;][\/vc_column][\/vc_row][vc_row css_animation=&#8221;&#8221; row_type=&#8221;row&#8221; use_row_as_full_screen_section=&#8221;no&#8221; type=&#8221;full_width&#8221; angled_section=&#8221;no&#8221; text_align=&#8221;left&#8221; background_image_as_pattern=&#8221;without_pattern&#8221; z_index=&#8221;&#8221; css=&#8221;.vc_custom_1680619593030{background-color: #ffffff !important;}&#8221;][vc_column][vc_empty_space height=&#8221;90px&#8221;][vc_row_inner row_type=&#8221;row&#8221; type=&#8221;full_width&#8221; text_align=&#8221;left&#8221; css_animation=&#8221;&#8221; el_id=&#8221;eventi&#8221;][vc_column_inner][vc_column_text]<\/p>\n<h6 style=\"text-align: center; font-size: 26px;\">Le adozioni di Panormus 2024<\/h6>\n<p>[\/vc_column_text][\/vc_column_inner][\/vc_row_inner][vc_single_image image=&#8221;15242&#8243; img_size=&#8221;60&#215;60&#8243; alignment=&#8221;center&#8221; qode_css_animation=&#8221;&#8221;][vc_empty_space height=&#8221;40px&#8221;][vc_row_inner row_type=&#8221;row&#8221; type=&#8221;grid&#8221; text_align=&#8221;center&#8221; css_animation=&#8221;element_from_left&#8221;][vc_column_inner][vc_column_text]<\/p>\n<h6 style=\"font-size: 35px; text-align: center;\"><span style=\"color: #eb1b16;\">29 aprile<\/span><\/h6>\n<p>[\/vc_column_text][vc_column_text]<\/p>\n<p style=\"text-align: center;\">Cerimonia di apertura della XXVIII edizione di Panormus presso la Sala Grande del Teatro Massimo. Nell&#8217;ambito della cerimonia avr\u00e0 luogo anche la conferenza stampa di presentazione del programma e del manifesto e sar\u00e0 celebrato il consueto rito di consegna delle chiavi della citt\u00e0 da parte del Sindaco agli alunni delle scuole.<\/p>\n<p>[\/vc_column_text][vc_empty_space height=&#8221;30px&#8221;][vc_column_text]<\/p>\n<h6 style=\"font-size: 35px; text-align: center;\"><span style=\"color: #eb1b16;\">3-5 maggio<\/span><\/h6>\n<p>[\/vc_column_text][\/vc_column_inner][\/vc_row_inner][vc_empty_space height=&#8221;30px&#8221;][vc_row_inner row_type=&#8221;row&#8221; type=&#8221;grid&#8221; text_align=&#8221;center&#8221; css_animation=&#8221;element_from_left&#8221;][vc_column_inner width=&#8221;1\/6&#8243;][vc_single_image image=&#8221;15242&#8243; img_size=&#8221;60&#215;60&#8243; alignment=&#8221;center&#8221; qode_css_animation=&#8221;&#8221;][vc_column_text]<\/p>\n<p style=\"text-align: center;\"><strong>Piazza Villena<\/strong><\/p>\n<p>[\/vc_column_text][\/vc_column_inner][vc_column_inner width=&#8221;1\/6&#8243;][vc_single_image image=&#8221;15242&#8243; img_size=&#8221;60&#215;60&#8243; alignment=&#8221;center&#8221; qode_css_animation=&#8221;&#8221;][vc_column_text]<\/p>\n<p style=\"text-align: center;\"><strong>Chiesa di San Giuseppe dei Teatini<\/strong><\/p>\n<p>[\/vc_column_text][\/vc_column_inner][vc_column_inner width=&#8221;1\/6&#8243;][vc_single_image image=&#8221;15242&#8243; img_size=&#8221;60&#215;60&#8243; alignment=&#8221;center&#8221; qode_css_animation=&#8221;&#8221;][vc_column_text]<\/p>\n<p style=\"text-align: center;\"><strong>Chiesa di Sant\u2019Ignazio all\u2019Olivella<\/strong><\/p>\n<p>[\/vc_column_text][\/vc_column_inner][vc_column_inner width=&#8221;1\/6&#8243;][vc_single_image image=&#8221;15242&#8243; img_size=&#8221;60&#215;60&#8243; alignment=&#8221;center&#8221; qode_css_animation=&#8221;&#8221;][vc_column_text]<\/p>\n<p style=\"text-align: center;\"><strong>Oratorio di San Filippo Neri<\/strong><\/p>\n<p>[\/vc_column_text][\/vc_column_inner][vc_column_inner width=&#8221;1\/6&#8243;][vc_single_image image=&#8221;15242&#8243; img_size=&#8221;60&#215;60&#8243; alignment=&#8221;center&#8221; qode_css_animation=&#8221;&#8221;][vc_column_text]<\/p>\n<p style=\"text-align: center;\"><strong>I chiostri del Museo archeologico Salinas<\/strong><\/p>\n<p>[\/vc_column_text][\/vc_column_inner][vc_column_inner width=&#8221;1\/6&#8243;][vc_single_image image=&#8221;15242&#8243; img_size=&#8221;60&#215;60&#8243; alignment=&#8221;center&#8221; qode_css_animation=&#8221;&#8221;][vc_column_text]<\/p>\n<p style=\"text-align: center;\"><strong>Sagrato della Cattedrale<\/strong><\/p>\n<p>[\/vc_column_text][\/vc_column_inner][\/vc_row_inner][vc_empty_space height=&#8221;30px&#8221;][vc_row_inner row_type=&#8221;row&#8221; type=&#8221;grid&#8221; text_align=&#8221;center&#8221; css_animation=&#8221;element_from_left&#8221;][vc_column_inner width=&#8221;1\/6&#8243;][vc_single_image image=&#8221;15242&#8243; img_size=&#8221;60&#215;60&#8243; alignment=&#8221;center&#8221; qode_css_animation=&#8221;&#8221;][vc_column_text]<\/p>\n<p style=\"text-align: center;\"><strong>Santuario di Santa Rosalia<\/strong><\/p>\n<p>[\/vc_column_text][\/vc_column_inner][vc_column_inner width=&#8221;1\/6&#8243;][vc_single_image image=&#8221;15242&#8243; img_size=&#8221;60&#215;60&#8243; alignment=&#8221;center&#8221; qode_css_animation=&#8221;&#8221;][vc_column_text]<\/p>\n<p style=\"text-align: center;\"><strong>Chiesa di San Francesco Saverio<\/strong><\/p>\n<p>[\/vc_column_text][\/vc_column_inner][vc_column_inner width=&#8221;1\/6&#8243;][vc_single_image image=&#8221;15242&#8243; img_size=&#8221;60&#215;60&#8243; alignment=&#8221;center&#8221; qode_css_animation=&#8221;&#8221;][vc_column_text]<\/p>\n<p style=\"text-align: center;\"><strong>Piazza Marina e dintorni<\/strong><\/p>\n<p>[\/vc_column_text][\/vc_column_inner][vc_column_inner width=&#8221;1\/6&#8243;][vc_single_image image=&#8221;15242&#8243; img_size=&#8221;60&#215;60&#8243; alignment=&#8221;center&#8221; qode_css_animation=&#8221;&#8221;][vc_column_text]<\/p>\n<p style=\"text-align: center;\"><strong>Cattedrale<\/strong><\/p>\n<p>[\/vc_column_text][\/vc_column_inner][vc_column_inner width=&#8221;1\/6&#8243;][vc_single_image image=&#8221;15242&#8243; img_size=&#8221;60&#215;60&#8243; alignment=&#8221;center&#8221; qode_css_animation=&#8221;&#8221;][vc_column_text]<\/p>\n<p style=\"text-align: center;\"><strong>Chiesa di Santa Maria della Piet\u00e0<\/strong><\/p>\n<p>[\/vc_column_text][\/vc_column_inner][vc_column_inner width=&#8221;1\/6&#8243;][vc_single_image image=&#8221;15242&#8243; img_size=&#8221;60&#215;60&#8243; alignment=&#8221;center&#8221; qode_css_animation=&#8221;&#8221;][vc_column_text]<\/p>\n<p style=\"text-align: center;\"><strong>Chiesa di Santa Ninfa dei Crociferi<\/strong><\/p>\n<p>[\/vc_column_text][\/vc_column_inner][\/vc_row_inner][vc_empty_space height=&#8221;30px&#8221;][vc_row_inner row_type=&#8221;row&#8221; type=&#8221;grid&#8221; text_align=&#8221;center&#8221; css_animation=&#8221;element_from_left&#8221;][vc_column_inner width=&#8221;1\/6&#8243;][vc_single_image image=&#8221;15242&#8243; img_size=&#8221;60&#215;60&#8243; alignment=&#8221;center&#8221; qode_css_animation=&#8221;&#8221;][vc_column_text]<\/p>\n<p style=\"text-align: center;\"><strong>Galleria d\u2019Arte Moderna GAM<\/strong><\/p>\n<p>[\/vc_column_text][\/vc_column_inner][vc_column_inner width=&#8221;1\/6&#8243;][vc_single_image image=&#8221;15242&#8243; img_size=&#8221;60&#215;60&#8243; alignment=&#8221;center&#8221; qode_css_animation=&#8221;&#8221;][vc_column_text]<\/p>\n<p style=\"text-align: center;\"><strong>Museo Giuseppe Pitr\u00e8<\/strong><\/p>\n<p>[\/vc_column_text][\/vc_column_inner][vc_column_inner width=&#8221;1\/6&#8243;][vc_single_image image=&#8221;15242&#8243; img_size=&#8221;60&#215;60&#8243; alignment=&#8221;center&#8221; qode_css_animation=&#8221;&#8221;][vc_column_text]<\/p>\n<p style=\"text-align: center;\"><strong>Edicola votiva in piazza monte di Piet\u00e0<\/strong><\/p>\n<p>[\/vc_column_text][\/vc_column_inner][vc_column_inner width=&#8221;1\/6&#8243;][vc_single_image image=&#8221;15242&#8243; img_size=&#8221;60&#215;60&#8243; alignment=&#8221;center&#8221; qode_css_animation=&#8221;&#8221;][vc_column_text]<\/p>\n<p style=\"text-align: center;\"><strong>Museo Palazzo Abatellis<\/strong><\/p>\n<p>[\/vc_column_text][\/vc_column_inner][vc_column_inner width=&#8221;1\/6&#8243;][vc_single_image image=&#8221;15242&#8243; img_size=&#8221;60&#215;60&#8243; alignment=&#8221;center&#8221; qode_css_animation=&#8221;&#8221;][vc_column_text]<\/p>\n<p style=\"text-align: center;\"><strong>Museo Palazzo Branciforte<\/strong><\/p>\n<p>[\/vc_column_text][\/vc_column_inner][vc_column_inner width=&#8221;1\/6&#8243;][vc_single_image image=&#8221;15242&#8243; img_size=&#8221;60&#215;60&#8243; alignment=&#8221;center&#8221; qode_css_animation=&#8221;&#8221;][vc_column_text]<\/p>\n<p style=\"text-align: center;\"><strong>Chiesa di Santa Rosalia<\/strong><\/p>\n<p>[\/vc_column_text][\/vc_column_inner][\/vc_row_inner][vc_empty_space height=&#8221;30px&#8221;][vc_row_inner row_type=&#8221;row&#8221; type=&#8221;grid&#8221; text_align=&#8221;center&#8221; css_animation=&#8221;element_from_left&#8221;][vc_column_inner width=&#8221;1\/6&#8243;][vc_single_image image=&#8221;15242&#8243; img_size=&#8221;60&#215;60&#8243; alignment=&#8221;center&#8221; qode_css_animation=&#8221;&#8221;][vc_column_text]<\/p>\n<p style=\"text-align: center;\"><strong>Chiesa della Immacolata Concezione<\/strong><\/p>\n<p>[\/vc_column_text][\/vc_column_inner][vc_column_inner width=&#8221;1\/6&#8243;][vc_single_image image=&#8221;15242&#8243; img_size=&#8221;60&#215;60&#8243; alignment=&#8221;center&#8221; qode_css_animation=&#8221;&#8221;][vc_column_text]<\/p>\n<p style=\"text-align: center;\"><strong>Santuario di santa Rosalia<\/strong><\/p>\n<p>[\/vc_column_text][\/vc_column_inner][vc_column_inner width=&#8221;1\/6&#8243;][vc_single_image image=&#8221;15242&#8243; img_size=&#8221;60&#215;60&#8243; alignment=&#8221;center&#8221; qode_css_animation=&#8221;&#8221;][vc_column_text]<\/p>\n<p style=\"text-align: center;\"><strong>Parrocchia di Santa Rosalia<\/strong><\/p>\n<p>[\/vc_column_text][\/vc_column_inner][vc_column_inner width=&#8221;1\/6&#8243;][vc_single_image image=&#8221;15242&#8243; img_size=&#8221;60&#215;60&#8243; alignment=&#8221;center&#8221; qode_css_animation=&#8221;&#8221;][vc_column_text]<\/p>\n<p style=\"text-align: center;\"><strong>Biblioteca centrale della Regione Siciliana Bombace<\/strong><\/p>\n<p>[\/vc_column_text][\/vc_column_inner][vc_column_inner width=&#8221;1\/6&#8243;][vc_single_image image=&#8221;15242&#8243; img_size=&#8221;60&#215;60&#8243; alignment=&#8221;center&#8221; qode_css_animation=&#8221;&#8221;][vc_column_text]<\/p>\n<p style=\"text-align: center;\"><strong>Chiesa del Ges\u00f9 detta Casa Professa<\/strong><\/p>\n<p>[\/vc_column_text][\/vc_column_inner][vc_column_inner width=&#8221;1\/6&#8243;][vc_single_image image=&#8221;15242&#8243; img_size=&#8221;60&#215;60&#8243; alignment=&#8221;center&#8221; qode_css_animation=&#8221;&#8221;][vc_column_text]<\/p>\n<p style=\"text-align: center;\"><strong>Biblioteca comunale Leonardo Sciascia<\/strong><\/p>\n<p>[\/vc_column_text][\/vc_column_inner][\/vc_row_inner][vc_empty_space height=&#8221;30px&#8221;][vc_row_inner row_type=&#8221;row&#8221; type=&#8221;grid&#8221; text_align=&#8221;center&#8221; css_animation=&#8221;element_from_left&#8221;][vc_column_inner][vc_column_text]<\/p>\n<h6 style=\"font-size: 35px; text-align: center;\"><span style=\"color: #eb1b16;\">10-12 maggio<\/span><\/h6>\n<p>[\/vc_column_text][\/vc_column_inner][\/vc_row_inner][vc_empty_space height=&#8221;30px&#8221;][vc_row_inner row_type=&#8221;row&#8221; type=&#8221;grid&#8221; text_align=&#8221;center&#8221; css_animation=&#8221;element_from_left&#8221;][vc_column_inner width=&#8221;1\/6&#8243;][vc_single_image image=&#8221;15242&#8243; img_size=&#8221;60&#215;60&#8243; alignment=&#8221;center&#8221; qode_css_animation=&#8221;&#8221;][vc_column_text]<\/p>\n<p style=\"text-align: center;\"><strong>Oratorio di San Filippo Neri<\/strong><\/p>\n<p>[\/vc_column_text][\/vc_column_inner][vc_column_inner width=&#8221;1\/6&#8243;][vc_single_image image=&#8221;15242&#8243; img_size=&#8221;60&#215;60&#8243; alignment=&#8221;center&#8221; qode_css_animation=&#8221;&#8221;][vc_column_text]<\/p>\n<p style=\"text-align: center;\"><strong>Cattedrale<\/strong><\/p>\n<p>[\/vc_column_text][\/vc_column_inner][vc_column_inner width=&#8221;1\/6&#8243;][vc_single_image image=&#8221;15242&#8243; img_size=&#8221;60&#215;60&#8243; alignment=&#8221;center&#8221; qode_css_animation=&#8221;&#8221;][vc_column_text]<\/p>\n<p style=\"text-align: center;\"><strong>Carro di Santa Rosalia a Piazza Marina<\/strong><\/p>\n<p>[\/vc_column_text][\/vc_column_inner][vc_column_inner width=&#8221;1\/6&#8243;][vc_single_image image=&#8221;15242&#8243; img_size=&#8221;60&#215;60&#8243; alignment=&#8221;center&#8221; qode_css_animation=&#8221;&#8221;][vc_column_text]<\/p>\n<p style=\"text-align: center;\"><strong>Edicola votiva Bonello<\/strong><\/p>\n<p>[\/vc_column_text][\/vc_column_inner][vc_column_inner width=&#8221;1\/6&#8243;][vc_single_image image=&#8221;15242&#8243; img_size=&#8221;60&#215;60&#8243; alignment=&#8221;center&#8221; qode_css_animation=&#8221;&#8221;][vc_column_text]<\/p>\n<p style=\"text-align: center;\"><strong>Chiesa di Santa Maria della Piet\u00e0<\/strong><\/p>\n<p>[\/vc_column_text][\/vc_column_inner][vc_column_inner width=&#8221;1\/6&#8243;][vc_single_image image=&#8221;15242&#8243; img_size=&#8221;60&#215;60&#8243; alignment=&#8221;center&#8221; qode_css_animation=&#8221;&#8221;][vc_column_text]<\/p>\n<p style=\"text-align: center;\"><strong>Chiesa di Sant\u2019Ignazio all\u2019Olivella<\/strong><\/p>\n<p>[\/vc_column_text][\/vc_column_inner][\/vc_row_inner][vc_empty_space height=&#8221;30px&#8221;][vc_row_inner row_type=&#8221;row&#8221; type=&#8221;grid&#8221; text_align=&#8221;center&#8221; css_animation=&#8221;element_from_left&#8221;][vc_column_inner width=&#8221;1\/6&#8243;][vc_single_image image=&#8221;15242&#8243; img_size=&#8221;60&#215;60&#8243; alignment=&#8221;center&#8221; qode_css_animation=&#8221;&#8221;][vc_column_text]<\/p>\n<p style=\"text-align: center;\"><strong>Edicola votiva Brugn\u00f2<\/strong><\/p>\n<p>[\/vc_column_text][\/vc_column_inner][vc_column_inner width=&#8221;1\/6&#8243;][vc_single_image image=&#8221;15242&#8243; img_size=&#8221;60&#215;60&#8243; alignment=&#8221;center&#8221; qode_css_animation=&#8221;&#8221;][vc_column_text]<\/p>\n<p style=\"text-align: center;\"><strong>Vicolo Brugn\u00f2<\/strong><\/p>\n<p>[\/vc_column_text][\/vc_column_inner][vc_column_inner width=&#8221;1\/6&#8243;][vc_single_image image=&#8221;15242&#8243; img_size=&#8221;60&#215;60&#8243; alignment=&#8221;center&#8221; qode_css_animation=&#8221;&#8221;][vc_column_text]<\/p>\n<p style=\"text-align: center;\"><strong>Chiesa di Santa Rosalia<\/strong><\/p>\n<p>[\/vc_column_text][\/vc_column_inner][vc_column_inner width=&#8221;1\/6&#8243;][vc_single_image image=&#8221;15242&#8243; img_size=&#8221;60&#215;60&#8243; alignment=&#8221;center&#8221; qode_css_animation=&#8221;&#8221;][vc_column_text]<\/p>\n<p style=\"text-align: center;\"><strong>Piazza Villena<\/strong><\/p>\n<p>[\/vc_column_text][\/vc_column_inner][vc_column_inner width=&#8221;1\/6&#8243;][vc_single_image image=&#8221;15242&#8243; img_size=&#8221;60&#215;60&#8243; alignment=&#8221;center&#8221; qode_css_animation=&#8221;&#8221;][vc_column_text]<\/p>\n<p style=\"text-align: center;\"><strong>Chiesa Santa Maria delle Grazie<\/strong><\/p>\n<p>[\/vc_column_text][\/vc_column_inner][vc_column_inner width=&#8221;1\/6&#8243;][vc_single_image image=&#8221;15242&#8243; img_size=&#8221;60&#215;60&#8243; alignment=&#8221;center&#8221; qode_css_animation=&#8221;&#8221;][vc_column_text]<\/p>\n<p style=\"text-align: center;\"><strong>Santuario di Santa Rosalia<\/strong><\/p>\n<p>[\/vc_column_text][\/vc_column_inner][\/vc_row_inner][vc_empty_space height=&#8221;30px&#8221;][vc_row_inner row_type=&#8221;row&#8221; type=&#8221;grid&#8221; text_align=&#8221;center&#8221; css_animation=&#8221;element_from_left&#8221;][vc_column_inner width=&#8221;1\/6&#8243;][vc_single_image image=&#8221;15242&#8243; img_size=&#8221;60&#215;60&#8243; alignment=&#8221;center&#8221; qode_css_animation=&#8221;&#8221;][vc_column_text]<\/p>\n<p style=\"text-align: center;\"><strong>Chiesa di Sant\u2019Agostino<\/strong><\/p>\n<p>[\/vc_column_text][\/vc_column_inner][vc_column_inner width=&#8221;1\/6&#8243;][vc_single_image image=&#8221;15242&#8243; img_size=&#8221;60&#215;60&#8243; alignment=&#8221;center&#8221; qode_css_animation=&#8221;&#8221;][vc_column_text]<\/p>\n<p style=\"text-align: center;\"><strong>Chiesa di Santa Caterina d\u2019Alessandria<\/strong><\/p>\n<p>[\/vc_column_text][\/vc_column_inner][vc_column_inner width=&#8221;1\/6&#8243;][vc_single_image image=&#8221;15242&#8243; img_size=&#8221;60&#215;60&#8243; alignment=&#8221;center&#8221; qode_css_animation=&#8221;&#8221;][vc_column_text]<\/p>\n<p style=\"text-align: center;\"><strong>Baglio Benso degli Orfanelli<\/strong><\/p>\n<p>[\/vc_column_text][\/vc_column_inner][vc_column_inner width=&#8221;1\/6&#8243;][vc_single_image image=&#8221;15242&#8243; img_size=&#8221;60&#215;60&#8243; alignment=&#8221;center&#8221; qode_css_animation=&#8221;&#8221;][vc_column_text]<\/p>\n<p style=\"text-align: center;\"><strong>Villaggio di Santa Rosalia<\/strong><\/p>\n<p>[\/vc_column_text][\/vc_column_inner][vc_column_inner width=&#8221;1\/6&#8243;][vc_single_image image=&#8221;15242&#8243; img_size=&#8221;60&#215;60&#8243; alignment=&#8221;center&#8221; qode_css_animation=&#8221;&#8221;][vc_column_text]<\/p>\n<p style=\"text-align: center;\"><strong>Oratorio del Rosario in San Domenico<\/strong><\/p>\n<p>[\/vc_column_text][\/vc_column_inner][vc_column_inner width=&#8221;1\/6&#8243;][vc_single_image image=&#8221;15242&#8243; img_size=&#8221;60&#215;60&#8243; alignment=&#8221;center&#8221; qode_css_animation=&#8221;&#8221;][vc_column_text]<\/p>\n<p style=\"text-align: center;\"><strong>Quadro di Van Dijk a Palazzo Alliata<\/strong><\/p>\n<p>[\/vc_column_text][\/vc_column_inner][\/vc_row_inner][vc_empty_space height=&#8221;30px&#8221;][vc_row_inner row_type=&#8221;row&#8221; type=&#8221;grid&#8221; text_align=&#8221;center&#8221; css_animation=&#8221;element_from_left&#8221;][vc_column_inner width=&#8221;1\/6&#8243;][vc_single_image image=&#8221;15242&#8243; img_size=&#8221;60&#215;60&#8243; alignment=&#8221;center&#8221; qode_css_animation=&#8221;&#8221;][vc_column_text]<\/p>\n<p style=\"text-align: center;\"><strong>Murales di Santa Rosalia in Vucciria<\/strong><\/p>\n<p>[\/vc_column_text][\/vc_column_inner][vc_column_inner width=&#8221;1\/6&#8243;][vc_single_image image=&#8221;15242&#8243; img_size=&#8221;60&#215;60&#8243; alignment=&#8221;center&#8221; qode_css_animation=&#8221;&#8221;][vc_column_text]<\/p>\n<p style=\"text-align: center;\"><strong>Museo Palazzo Branciforte<\/strong><\/p>\n<p>[\/vc_column_text][\/vc_column_inner][vc_column_inner width=&#8221;1\/6&#8243;][\/vc_column_inner][vc_column_inner width=&#8221;1\/6&#8243;][\/vc_column_inner][vc_column_inner width=&#8221;1\/6&#8243;][\/vc_column_inner][vc_column_inner width=&#8221;1\/6&#8243;][\/vc_column_inner][\/vc_row_inner][vc_empty_space height=&#8221;30px&#8221;][vc_row_inner row_type=&#8221;row&#8221; type=&#8221;grid&#8221; text_align=&#8221;center&#8221; css_animation=&#8221;element_from_left&#8221;][vc_column_inner][vc_column_text]<\/p>\n<h6 style=\"font-size: 35px; text-align: center;\"><span style=\"color: #eb1b16;\">17-19 maggio<\/span><\/h6>\n<p>[\/vc_column_text][\/vc_column_inner][\/vc_row_inner][vc_empty_space height=&#8221;30px&#8221;][vc_row_inner row_type=&#8221;row&#8221; type=&#8221;grid&#8221; text_align=&#8221;center&#8221; css_animation=&#8221;element_from_left&#8221;][vc_column_inner width=&#8221;1\/6&#8243;][vc_single_image image=&#8221;15242&#8243; img_size=&#8221;60&#215;60&#8243; alignment=&#8221;center&#8221; qode_css_animation=&#8221;&#8221;][vc_column_text]<\/p>\n<p style=\"text-align: center;\"><strong>Cattedrale<\/strong><\/p>\n<p>[\/vc_column_text][\/vc_column_inner][vc_column_inner width=&#8221;1\/6&#8243;][vc_single_image image=&#8221;15242&#8243; img_size=&#8221;60&#215;60&#8243; alignment=&#8221;center&#8221; qode_css_animation=&#8221;&#8221;][vc_column_text]<\/p>\n<p style=\"text-align: center;\"><strong>Oratorio di San Lorenzo<\/strong><\/p>\n<p>[\/vc_column_text][\/vc_column_inner][vc_column_inner width=&#8221;1\/6&#8243;][vc_single_image image=&#8221;15242&#8243; img_size=&#8221;60&#215;60&#8243; alignment=&#8221;center&#8221; qode_css_animation=&#8221;&#8221;][vc_column_text]<\/p>\n<p style=\"text-align: center;\"><strong>Chiesa di Santa Maria della Piet\u00e0<\/strong><\/p>\n<p>[\/vc_column_text][\/vc_column_inner][vc_column_inner width=&#8221;1\/6&#8243;][vc_single_image image=&#8221;15242&#8243; img_size=&#8221;60&#215;60&#8243; alignment=&#8221;center&#8221; qode_css_animation=&#8221;&#8221;][vc_column_text]<\/p>\n<p style=\"text-align: center;\"><strong>Edicole votive Bonello, Gioia mia, Ramirez<\/strong><\/p>\n<p>[\/vc_column_text][\/vc_column_inner][vc_column_inner width=&#8221;1\/6&#8243;][vc_single_image image=&#8221;15242&#8243; img_size=&#8221;60&#215;60&#8243; alignment=&#8221;center&#8221; qode_css_animation=&#8221;&#8221;][vc_column_text]<\/p>\n<p style=\"text-align: center;\"><strong>Chiesa di Sant\u2019Agostino<\/strong><\/p>\n<p>[\/vc_column_text][\/vc_column_inner][vc_column_inner width=&#8221;1\/6&#8243;][vc_single_image image=&#8221;15242&#8243; img_size=&#8221;60&#215;60&#8243; alignment=&#8221;center&#8221; qode_css_animation=&#8221;&#8221;][vc_column_text]<\/p>\n<p style=\"text-align: center;\"><strong>Chiesa di Santa Rosalia<\/strong><\/p>\n<p>[\/vc_column_text][\/vc_column_inner][\/vc_row_inner][vc_empty_space height=&#8221;30px&#8221;][vc_row_inner row_type=&#8221;row&#8221; type=&#8221;grid&#8221; text_align=&#8221;center&#8221; css_animation=&#8221;element_from_left&#8221;][vc_column_inner width=&#8221;1\/6&#8243;][vc_single_image image=&#8221;15242&#8243; img_size=&#8221;60&#215;60&#8243; alignment=&#8221;center&#8221; qode_css_animation=&#8221;&#8221;][vc_column_text]<\/p>\n<p style=\"text-align: center;\"><strong>Chiesa di Santa Caterina d\u2019Alessandria<\/strong><\/p>\n<p>[\/vc_column_text][\/vc_column_inner][vc_column_inner width=&#8221;1\/6&#8243;][vc_single_image image=&#8221;15242&#8243; img_size=&#8221;60&#215;60&#8243; alignment=&#8221;center&#8221; qode_css_animation=&#8221;&#8221;][vc_column_text]<\/p>\n<p style=\"text-align: center;\"><strong>Santuario di Santa Rosalia<\/strong><\/p>\n<p>[\/vc_column_text][\/vc_column_inner][vc_column_inner width=&#8221;1\/6&#8243;][vc_single_image image=&#8221;15242&#8243; img_size=&#8221;60&#215;60&#8243; alignment=&#8221;center&#8221; qode_css_animation=&#8221;&#8221;][vc_column_text]<\/p>\n<p style=\"text-align: center;\"><strong>Chiesa di San Giovanni degli Eremiti<\/strong><\/p>\n<p>[\/vc_column_text][\/vc_column_inner][vc_column_inner width=&#8221;1\/6&#8243;][vc_single_image image=&#8221;15242&#8243; img_size=&#8221;60&#215;60&#8243; alignment=&#8221;center&#8221; qode_css_animation=&#8221;&#8221;][vc_column_text]<\/p>\n<p style=\"text-align: center;\"><strong>Sagrato della Cattedrale<\/strong><\/p>\n<p>[\/vc_column_text][\/vc_column_inner][vc_column_inner width=&#8221;1\/6&#8243;][vc_single_image image=&#8221;15242&#8243; img_size=&#8221;60&#215;60&#8243; alignment=&#8221;center&#8221; qode_css_animation=&#8221;&#8221;][vc_column_text]<\/p>\n<p style=\"text-align: center;\"><strong>Pinacoteca di Villa Zito<\/strong><\/p>\n<p>[\/vc_column_text][\/vc_column_inner][vc_column_inner width=&#8221;1\/6&#8243;][vc_single_image image=&#8221;15242&#8243; img_size=&#8221;60&#215;60&#8243; alignment=&#8221;center&#8221; qode_css_animation=&#8221;&#8221;][vc_column_text]<\/p>\n<p style=\"text-align: center;\"><strong>Il &#8220;Cassaro&#8221;<\/strong><\/p>\n<p>[\/vc_column_text][\/vc_column_inner][\/vc_row_inner][vc_empty_space height=&#8221;30px&#8221;][vc_row_inner row_type=&#8221;row&#8221; type=&#8221;grid&#8221; text_align=&#8221;center&#8221; css_animation=&#8221;element_from_left&#8221;][vc_column_inner width=&#8221;1\/6&#8243;][vc_single_image image=&#8221;15242&#8243; img_size=&#8221;60&#215;60&#8243; alignment=&#8221;center&#8221; qode_css_animation=&#8221;&#8221;][vc_column_text]<\/p>\n<p style=\"text-align: center;\"><strong>Scala Vecchia (Santuario\/Monte Pellegrino)<\/strong><\/p>\n<p>[\/vc_column_text][\/vc_column_inner][vc_column_inner width=&#8221;1\/6&#8243;][vc_single_image image=&#8221;15242&#8243; img_size=&#8221;60&#215;60&#8243; alignment=&#8221;center&#8221; qode_css_animation=&#8221;&#8221;][vc_column_text]<\/p>\n<p style=\"text-align: center;\"><strong>Carro di J. Kounellis (Villa Giulia)<\/strong><\/p>\n<p>[\/vc_column_text][\/vc_column_inner][vc_column_inner width=&#8221;1\/6&#8243;][vc_single_image image=&#8221;15242&#8243; img_size=&#8221;60&#215;60&#8243; alignment=&#8221;center&#8221; qode_css_animation=&#8221;&#8221;][vc_column_text]<\/p>\n<p style=\"text-align: center;\"><strong>Villa Verdinois<\/strong><\/p>\n<p>[\/vc_column_text][\/vc_column_inner][vc_column_inner width=&#8221;1\/6&#8243;][vc_single_image image=&#8221;15242&#8243; img_size=&#8221;60&#215;60&#8243; alignment=&#8221;center&#8221; qode_css_animation=&#8221;&#8221;][vc_column_text]<\/p>\n<p style=\"text-align: center;\"><strong>Chiesa SS Maria Immacolata in Montegrappa<\/strong><\/p>\n<p>[\/vc_column_text][\/vc_column_inner][\/vc_row_inner][vc_row_inner row_type=&#8221;row&#8221; type=&#8221;grid&#8221; text_align=&#8221;center&#8221; css_animation=&#8221;&#8221;][vc_column_inner][vc_empty_space height=&#8221;30px&#8221;][vc_column_text]<\/p>\n<h6 style=\"font-size: 35px; text-align: center;\"><span style=\"color: #eb1b16;\">6 giugno<\/span><\/h6>\n<p>[\/vc_column_text][vc_column_text]<\/p>\n<p style=\"text-align: center;\">Cerimonia di chiusura della XXVIII edizione di Panormus. Centinaia di alunni e alunne delle scuole a indirizzo musicale suoneranno, canteranno e reciteranno sulla scalinata monumentale del Teatro Massimo di Palermo. Una delegazione di studenti riconsegner\u00e0\u00a0al Sindaco le chiavi della citt\u00e0.<\/p>\n<p>[\/vc_column_text][vc_empty_space height=&#8221;80px&#8221;][\/vc_column_inner][\/vc_row_inner][vc_row_inner row_type=&#8221;row&#8221; type=&#8221;grid&#8221; text_align=&#8221;center&#8221; css_animation=&#8221;&#8221;][vc_column_inner][vc_column_text]<\/p>\n<h6 style=\"text-align: center; font-size: 26px;\">Il programma di Panormus 2024<\/h6>\n<p>[\/vc_column_text][vc_empty_space height=&#8221;30px&#8221;]<a  itemprop=\"url\" href=\"https:\/\/portalescuola.comune.palermo.it\/wp-content\/uploads\/2024\/04\/libretto-2024.pdf\" target=\"_blank\"  class=\"qbutton  medium center default\" style=\"margin: 15px; \">SCARICA IL PROGRAMMA<\/a><a  itemprop=\"url\" href=\"https:\/\/portalescuola.comune.palermo.it\/?page_id=15358\" target=\"_blank\"  class=\"qbutton  medium center default\" style=\"margin: 15px; \">CONSULTA IL PROGRAMMA ONLINE<\/a>[vc_empty_space height=&#8221;50px&#8221;][\/vc_column_inner][\/vc_row_inner][\/vc_column][\/vc_row][vc_row row_type=&#8221;parallax&#8221; parallax_content_width=&#8221;in_grid&#8221; text_align=&#8221;left&#8221; background_image=&#8221;5759&#8243; full_screen_section_height=&#8221;no&#8221;][vc_column][vc_empty_space height=&#8221;300px&#8221;][\/vc_column][\/vc_row][vc_row css_animation=&#8221;&#8221; row_type=&#8221;row&#8221; use_row_as_full_screen_section=&#8221;no&#8221; type=&#8221;full_width&#8221; angled_section=&#8221;no&#8221; text_align=&#8221;left&#8221; background_image_as_pattern=&#8221;without_pattern&#8221; css=&#8221;.vc_custom_1712576427452{background-color: #436677 !important;}&#8221; z_index=&#8221;&#8221;][vc_column][vc_empty_space height=&#8221;50px&#8221;][\/vc_column][\/vc_row][vc_row css_animation=&#8221;&#8221; row_type=&#8221;row&#8221; use_row_as_full_screen_section=&#8221;no&#8221; type=&#8221;grid&#8221; angled_section=&#8221;no&#8221; text_align=&#8221;center&#8221; background_image_as_pattern=&#8221;without_pattern&#8221; z_index=&#8221;&#8221; el_id=&#8221;manifesto&#8221; css=&#8221;.vc_custom_1723044452651{background-color: #436677 !important;}&#8221;][vc_column][vc_column_text]<\/p>\n<h6 style=\"text-align: center; font-size: 46px; color: #ffffff;\"><span style=\"color: #ffffff;\">Il manifesto<\/span><\/h6>\n<p>[\/vc_column_text][vc_empty_space][vc_column_text]<\/p>\n<p style=\"text-align: center;\"><span style=\"color: #ffffff;\">Come da tradizione, anche quest\u2019anno il Comune di Palermo ha organizzato un concorso di idee rivolto ai ragazzi che frequentano gli istituti artistici della citt\u00e0, con l\u2019obiettivo di renderli protagonisti della realizzazione del progetto grafico della XXVIII edizione di Panormus.<\/span><\/p>\n<p style=\"text-align: center;\"><span style=\"color: #ffffff;\">L\u2019elaborato scelto \u00e8 stato realizzato dalla classe V H dell\u2019Istituto Damiani Almeyda Crispi.<\/span><\/p>\n<p style=\"text-align: center;\"><span style=\"color: #ffffff;\">Secondo la commissione, in questo progetto grafico \u00abspicca, in particolare, l\u2019originalit\u00e0 e la ricchezza del significato simbolico: la raffigurazione del giglio, primo attributo iconografico\u00a0della Santa Rosalia e parte del suo nome Rosa-Lilium, che incontra le ipnotiche spire di un serpente, primo attributo iconografico del Genius loci laico della citt\u00e0, il Genio di Palermo\u00bb.<\/span><\/p>\n<p>[\/vc_column_text][vc_empty_space][vc_single_image image=&#8221;15238&#8243; img_size=&#8221;large&#8221; alignment=&#8221;center&#8221; qode_css_animation=&#8221;&#8221;][vc_empty_space]<a  itemprop=\"url\" href=\"https:\/\/drive.google.com\/file\/d\/1TX7nzzuEQfZK8hZ-lJDsYX2E53BcETMh\/view?usp=sharing\" target=\"_blank\" data-hover-border-color=#ffffff data-hover-color=#ffffff class=\"qbutton  large center default\" style=\"color: #ffffff; border-color: #ffffff; margin: 15px; \">LEGGI IL REPORT DELLA XXVIII EDIZIONE<\/a>[vc_empty_space][\/vc_column][\/vc_row][vc_row css_animation=&#8221;&#8221; row_type=&#8221;row&#8221; use_row_as_full_screen_section=&#8221;no&#8221; type=&#8221;full_width&#8221; angled_section=&#8221;no&#8221; text_align=&#8221;left&#8221; background_image_as_pattern=&#8221;without_pattern&#8221; z_index=&#8221;&#8221;][vc_column][vc_empty_space height=&#8221;30px&#8221;][\/vc_column][\/vc_row][vc_row css_animation=&#8221;&#8221; row_type=&#8221;row&#8221; use_row_as_full_screen_section=&#8221;no&#8221; type=&#8221;grid&#8221; angled_section=&#8221;no&#8221; text_align=&#8221;center&#8221; background_image_as_pattern=&#8221;without_pattern&#8221; z_index=&#8221;&#8221;][vc_column width=&#8221;1\/6&#8243;][\/vc_column][vc_column width=&#8221;2\/3&#8243;][vc_single_image image=&#8221;15254&#8243; img_size=&#8221;full&#8221; alignment=&#8221;center&#8221; qode_css_animation=&#8221;&#8221;][vc_column_text]<\/p>\n<h6 style=\"text-align: center; font-size: 26px;\"><span style=\"color: #eb1b16;\">Seguici sui canali social<\/span><\/h6>\n<p>[\/vc_column_text][vc_empty_space height=&#8221;30px&#8221;]<a  itemprop=\"url\" href=\"https:\/\/www.facebook.com\/palermoapreleporte\/\" target=\"_blank\"  class=\"qbutton  medium right default\" style=\"\">Facebook<\/a>[vc_empty_space height=&#8221;20px&#8221;]<a  itemprop=\"url\" href=\"https:\/\/www.instagram.com\/panormus.2024?igsh=dTJlbWczbDloaDlw\" target=\"_blank\"  class=\"qbutton  medium center default\" style=\"margin: 10px auto 10px auto; \">Instagram<\/a>[vc_empty_space height=&#8221;120px&#8221;][\/vc_column][vc_column width=&#8221;1\/6&#8243;][\/vc_column][\/vc_row]<\/p>\n","protected":false},"excerpt":{"rendered":"<p>[vc_row css_animation=&#8221;&#8221; row_type=&#8221;row&#8221; use_row_as_full_screen_section=&#8221;no&#8221; type=&#8221;full_width&#8221; angled_section=&#8221;no&#8221; text_align=&#8221;left&#8221; background_image_as_pattern=&#8221;without_pattern&#8221; z_index=&#8221;&#8221; css=&#8221;.vc_custom_1680616191919{background-color: #ffffff !important;}&#8221;][vc_column][rev_slider_vc alias=&#8221;panormus_24&#8243;][\/vc_column][\/vc_row][vc_row css_animation=&#8221;&#8221; row_type=&#8221;row&#8221; use_row_as_full_screen_section=&#8221;no&#8221; type=&#8221;full_width&#8221; angled_section=&#8221;no&#8221; text_align=&#8221;left&#8221; background_image_as_pattern=&#8221;without_pattern&#8221; css=&#8221;.vc_custom_1681287975331{background-color: #ffffff !important;}&#8221; z_index=&#8221;&#8221; el_id=&#8221;storia&#8221;][vc_column width=&#8221;1\/6&#8243;][\/vc_column][vc_column css_animation=&#8221;fadeInLeft&#8221; width=&#8221;2\/3&#8243;][vc_empty_space height=&#8221;50px&#8221;][vc_column_text] Una storia lunga 30 anni [\/vc_column_text][vc_empty_space][\/vc_column][vc_column width=&#8221;1\/6&#8243;][\/vc_column][\/vc_row][vc_row css_animation=&#8221;&#8221; row_type=&#8221;row&#8221; use_row_as_full_screen_section=&#8221;no&#8221; type=&#8221;full_width&#8221; angled_section=&#8221;no&#8221; text_align=&#8221;left&#8221; background_image_as_pattern=&#8221;without_pattern&#8221; css=&#8221;.vc_custom_1713949969754{padding-right: 30px&#8230;<\/p>\n","protected":false},"author":1,"featured_media":0,"parent":0,"menu_order":0,"comment_status":"closed","ping_status":"closed","template":"full_width.php","meta":[],"_links":{"self":[{"href":"https:\/\/portalescuola.comune.palermo.it\/index.php?rest_route=\/wp\/v2\/pages\/15180"}],"collection":[{"href":"https:\/\/portalescuola.comune.palermo.it\/index.php?rest_route=\/wp\/v2\/pages"}],"about":[{"href":"https:\/\/portalescuola.comune.palermo.it\/index.php?rest_route=\/wp\/v2\/types\/page"}],"author":[{"embeddable":true,"href":"https:\/\/portalescuola.comune.palermo.it\/index.php?rest_route=\/wp\/v2\/users\/1"}],"replies":[{"embeddable":true,"href":"https:\/\/portalescuola.comune.palermo.it\/index.php?rest_route=%2Fwp%2Fv2%2Fcomments&post=15180"}],"version-history":[{"count":103,"href":"https:\/\/portalescuola.comune.palermo.it\/index.php?rest_route=\/wp\/v2\/pages\/15180\/revisions"}],"predecessor-version":[{"id":15916,"href":"https:\/\/portalescuola.comune.palermo.it\/index.php?rest_route=\/wp\/v2\/pages\/15180\/revisions\/15916"}],"wp:attachment":[{"href":"https:\/\/portalescuola.comune.palermo.it\/index.php?rest_route=%2Fwp%2Fv2%2Fmedia&parent=15180"}],"curies":[{"name":"wp","href":"https:\/\/api.w.org\/{rel}","templated":true}]}}